{"id":11692,"date":"2022-11-02T09:05:10","date_gmt":"2022-11-02T08:05:10","guid":{"rendered":"https:\/\/www.asme.cat\/cemlaverneda\/?page_id=11692"},"modified":"2026-01-27T13:49:14","modified_gmt":"2026-01-27T12:49:14","slug":"subvcencions-per-a-persones-en-situacio-datur","status":"publish","type":"page","link":"https:\/\/www.asme.cat\/cemlaverneda\/subvcencions-per-a-persones-en-situacio-datur\/","title":{"rendered":"Subvencions per a persones en situaci\u00f3 d\u2019atur"},"content":{"rendered":"[vc_row type=\u00bbin_container\u00bb full_screen_row_position=\u00bbmiddle\u00bb column_margin=\u00bbdefault\u00bb column_direction=\u00bbdefault\u00bb column_direction_tablet=\u00bbdefault\u00bb column_direction_phone=\u00bbdefault\u00bb scene_position=\u00bbcenter\u00bb text_color=\u00bbdark\u00bb text_align=\u00bbleft\u00bb row_border_radius=\u00bbnone\u00bb row_border_radius_applies=\u00bbbg\u00bb overflow=\u00bbvisible\u00bb overlay_strength=\u00bb0.3&#8243; gradient_direction=\u00bbleft_to_right\u00bb shape_divider_position=\u00bbbottom\u00bb bg_image_animation=\u00bbnone\u00bb][vc_column column_padding=\u00bbno-extra-padding\u00bb column_padding_tablet=\u00bbinherit\u00bb column_padding_phone=\u00bbinherit\u00bb column_padding_position=\u00bball\u00bb column_element_direction_desktop=\u00bbdefault\u00bb column_element_spacing=\u00bbdefault\u00bb desktop_text_alignment=\u00bbdefault\u00bb tablet_text_alignment=\u00bbdefault\u00bb phone_text_alignment=\u00bbdefault\u00bb background_color_opacity=\u00bb1&#8243; background_hover_color_opacity=\u00bb1&#8243; column_backdrop_filter=\u00bbnone\u00bb column_shadow=\u00bbnone\u00bb column_border_radius=\u00bbnone\u00bb column_link_target=\u00bb_self\u00bb column_position=\u00bbdefault\u00bb gradient_direction=\u00bbleft_to_right\u00bb overlay_strength=\u00bb0.3&#8243; width=\u00bb1\/1&#8243; tablet_width_inherit=\u00bbdefault\u00bb animation_type=\u00bbdefault\u00bb bg_image_animation=\u00bbnone\u00bb border_type=\u00bbsimple\u00bb column_border_width=\u00bbnone\u00bb column_border_style=\u00bbsolid\u00bb][vc_column_text]\n<h2><span style=\"color: #3b72b9;\"><strong>SUBVENCIONS PER A PERSONES EN SITUACI\u00d3 D&#8217;ATUR<\/strong><\/span><\/h2>\n[\/vc_column_text][vc_column_text]\n<h4><em>L\u2019Ajuntament de Barcelona posa a disposici\u00f3 de les persones interessades una bonificaci\u00f3 del 40% de la quota d\u2019abonament a centres esportius municipals per a persones en situaci\u00f3 d\u2019atur. La sol\u00b7licitud de la subvenci\u00f3 es gestiona directament a la recepci\u00f3 de les instal\u00b7lacions esportives.<\/em><\/h4>\n[\/vc_column_text][vc_row_inner column_margin=\u00bbdefault\u00bb column_direction=\u00bbdefault\u00bb column_direction_tablet=\u00bbdefault\u00bb column_direction_phone=\u00bbdefault\u00bb text_align=\u00bbleft\u00bb row_position=\u00bbdefault\u00bb row_position_tablet=\u00bbinherit\u00bb row_position_phone=\u00bbinherit\u00bb overflow=\u00bbvisible\u00bb pointer_events=\u00bball\u00bb][vc_column_inner column_padding=\u00bbno-extra-padding\u00bb column_padding_tablet=\u00bbinherit\u00bb column_padding_phone=\u00bbinherit\u00bb column_padding_position=\u00bball\u00bb column_element_direction_desktop=\u00bbdefault\u00bb column_element_spacing=\u00bbdefault\u00bb desktop_text_alignment=\u00bbdefault\u00bb tablet_text_alignment=\u00bbdefault\u00bb phone_text_alignment=\u00bbdefault\u00bb background_color_opacity=\u00bb1&#8243; background_hover_color_opacity=\u00bb1&#8243; column_backdrop_filter=\u00bbnone\u00bb column_shadow=\u00bbnone\u00bb column_border_radius=\u00bbnone\u00bb column_link_target=\u00bb_self\u00bb overflow=\u00bbvisible\u00bb gradient_direction=\u00bbleft_to_right\u00bb overlay_strength=\u00bb0.3&#8243; width=\u00bb1\/3&#8243; tablet_width_inherit=\u00bbdefault\u00bb animation_type=\u00bbdefault\u00bb bg_image_animation=\u00bbnone\u00bb border_type=\u00bbsimple\u00bb column_border_width=\u00bbnone\u00bb column_border_style=\u00bbsolid\u00bb][image_with_animation image_url=\u00bb12767&#8243; image_size=\u00bbregular\u00bb animation_type=\u00bbentrance\u00bb animation=\u00bbNone\u00bb animation_movement_type=\u00bbtransform_y\u00bb hover_animation=\u00bbnone\u00bb alignment=\u00bb\u00bb border_radius=\u00bbnone\u00bb box_shadow=\u00bbnone\u00bb image_loading=\u00bbdefault\u00bb max_width=\u00bb100%\u00bb max_width_mobile=\u00bbdefault\u00bb][\/vc_column_inner][vc_column_inner column_padding=\u00bbno-extra-padding\u00bb column_padding_tablet=\u00bbinherit\u00bb column_padding_phone=\u00bbinherit\u00bb column_padding_position=\u00bball\u00bb column_element_direction_desktop=\u00bbdefault\u00bb column_element_spacing=\u00bbdefault\u00bb desktop_text_alignment=\u00bbdefault\u00bb tablet_text_alignment=\u00bbdefault\u00bb phone_text_alignment=\u00bbdefault\u00bb background_color_opacity=\u00bb1&#8243; background_hover_color_opacity=\u00bb1&#8243; column_backdrop_filter=\u00bbnone\u00bb column_shadow=\u00bbnone\u00bb column_border_radius=\u00bbnone\u00bb column_link_target=\u00bb_self\u00bb overflow=\u00bbvisible\u00bb gradient_direction=\u00bbleft_to_right\u00bb overlay_strength=\u00bb0.3&#8243; width=\u00bb2\/3&#8243; tablet_width_inherit=\u00bbdefault\u00bb animation_type=\u00bbdefault\u00bb bg_image_animation=\u00bbnone\u00bb border_type=\u00bbsimple\u00bb column_border_width=\u00bbnone\u00bb column_border_style=\u00bbsolid\u00bb][divider line_type=\u00bbNo Line\u00bb custom_height=\u00bb30&#8243;][vc_column_text]En el cas d\u2019ASME, la bonificaci\u00f3 est\u00e0 disponible a les seg\u00fcents quotes:<\/p>\n<ul>\n<li aria-level=\"1\"><b>CEM Vintr\u00f3<\/b>: 40% de bonificaci\u00f3 a la quota de matins.\n<ul>\n<li aria-level=\"1\"><span style=\"color: #ff0000;\">Actualment, no hi ha places disponibles per aquesta bonificaci\u00f3. Adre\u00e7a&#8217;t a la recepci\u00f3 del centre o truca al <span aria-label=\"Llamar al n\u00famero de tel\u00e9fono 932 45 02 68\">932 45 02 68<\/span> per apuntar-te a la llista d&#8217;espera<\/span>.<\/li>\n<li aria-level=\"1\"><a href=\"https:\/\/www.asme.cat\/cemvintro\/preus-centre\/\" target=\"_blank\" rel=\"noopener\"><b>PREUS DE VINTR\u00d3<\/b><\/a><\/li>\n<\/ul>\n<\/li>\n<li aria-level=\"1\"><b>CEM La Verneda<\/b>: 40% de bonificaci\u00f3 a la quota completa.\n<ul>\n<li aria-level=\"1\"><b><a href=\"https:\/\/www.asme.cat\/cemlaverneda\/preus-centre\/\" target=\"_blank\" rel=\"noopener\">PREUS DE VERNEDA<\/a><\/b><\/li>\n<\/ul>\n<\/li>\n<li aria-level=\"1\"><b>CEM Trinitat Vella<\/b>: 40% de bonificaci\u00f3 a la quota completa.\n<ul>\n<li aria-level=\"1\"><b><a href=\"https:\/\/www.asme.cat\/cemtrinitat\/preus-centre\/\" target=\"_blank\" rel=\"noopener\">PREUS DE TRINITAT<\/a><\/b><\/li>\n<\/ul>\n<\/li>\n<\/ul>\n[\/vc_column_text][\/vc_column_inner][\/vc_row_inner][divider line_type=\u00bbNo Line\u00bb][vc_column_text]\n<h3>Aquests s\u00f3n els\u00a0<b>requisits i documentaci\u00f3 necess\u00e0ria per a la sol\u00b7licitud<\/b> de la bonificaci\u00f3:<\/h3>\n<ul>\n<li aria-level=\"1\">Tenir <strong>entre 25 i 60 anys<\/strong> (ambd\u00f3s inclosos).<\/li>\n<li aria-level=\"1\">Estar\u00a0<b>empadronat<\/b>\u00a0<b>a\u00a0<\/b>la ciutat de\u00a0<b>Barcelona<\/b>\u00a0i aportar el\u00a0<b>certificat d\u2019empadronament<\/b>. En el moment de presentar el document aquest no pot tenir m\u00e9s d\u2019un mes d\u2019antiguitat.<\/li>\n<li aria-level=\"1\">Aportar l\u2019<b>informe de vida laboral<\/b>.\u00a0En el moment de presentar el document aquest no pot tenir m\u00e9s d\u2019un mes d\u2019antiguitat.<\/li>\n<li aria-level=\"1\">Aportar el\u00a0<b>full del SOC\/DARD<\/b><strong>O i\u00a0en proc\u00e9s de recerca activa de feina.<\/strong><\/li>\n<li aria-level=\"1\">A la mateixa recepci\u00f3 de la instal\u00b7laci\u00f3 ser\u00e0 obligatori signar el full de\u00a0<b>Declaraci\u00f3 Responsable.<\/b><\/li>\n<li aria-level=\"1\">Per poder mantenir la bonificaci\u00f3, s\u2019ha d\u2019<strong>assistir un m\u00ednim de 4 cops al mes.<\/strong> Es fan revisions peri\u00f2diques per confirmar-ho.<\/li>\n<li aria-level=\"1\"><strong>No pot inscriure-se&#8217;n a m\u00e9s d&#8217;un centre simult\u00e0niament amb tarifa bonificada per aturats.<\/strong><\/li>\n<\/ul>\n[\/vc_column_text][divider line_type=\u00bbNo Line\u00bb][\/vc_column][\/vc_row]\n","protected":false},"excerpt":{"rendered":"<p>[vc_row type=\u00bbin_container\u00bb full_screen_row_position=\u00bbmiddle\u00bb column_margin=\u00bbdefault\u00bb column_direction=\u00bbdefault\u00bb column_direction_tablet=\u00bbdefault\u00bb column_direction_phone=\u00bbdefault\u00bb scene_position=\u00bbcenter\u00bb text_color=\u00bbdark\u00bb text_align=\u00bbleft\u00bb row_border_radius=\u00bbnone\u00bb row_border_radius_applies=\u00bbbg\u00bb overflow=\u00bbvisible\u00bb overlay_strength=\u00bb0.3&#8243; gradient_direction=\u00bbleft_to_right\u00bb&#8230;<\/p>\n","protected":false},"author":46,"featured_media":0,"parent":0,"menu_order":0,"comment_status":"closed","ping_status":"closed","template":"","meta":{"footnotes":""},"class_list":["post-11692","page","type-page","status-publish"],"_links":{"self":[{"href":"https:\/\/www.asme.cat\/cemlaverneda\/wp-json\/wp\/v2\/pages\/11692","targetHints":{"allow":["GET"]}}],"collection":[{"href":"https:\/\/www.asme.cat\/cemlaverneda\/wp-json\/wp\/v2\/pages"}],"about":[{"href":"https:\/\/www.asme.cat\/cemlaverneda\/wp-json\/wp\/v2\/types\/page"}],"author":[{"embeddable":true,"href":"https:\/\/www.asme.cat\/cemlaverneda\/wp-json\/wp\/v2\/users\/46"}],"replies":[{"embeddable":true,"href":"https:\/\/www.asme.cat\/cemlaverneda\/wp-json\/wp\/v2\/comments?post=11692"}],"version-history":[{"count":8,"href":"https:\/\/www.asme.cat\/cemlaverneda\/wp-json\/wp\/v2\/pages\/11692\/revisions"}],"predecessor-version":[{"id":12801,"href":"https:\/\/www.asme.cat\/cemlaverneda\/wp-json\/wp\/v2\/pages\/11692\/revisions\/12801"}],"wp:attachment":[{"href":"https:\/\/www.asme.cat\/cemlaverneda\/wp-json\/wp\/v2\/media?parent=11692"}],"curies":[{"name":"wp","href":"https:\/\/api.w.org\/{rel}","templated":true}]}}