{"id":11530,"date":"2022-05-13T09:38:28","date_gmt":"2022-05-13T07:38:28","guid":{"rendered":"https:\/\/www.asme.cat\/cemlaverneda\/?page_id=11530"},"modified":"2026-04-28T11:35:15","modified_gmt":"2026-04-28T09:35:15","slug":"intensius-estiu","status":"publish","type":"page","link":"https:\/\/www.asme.cat\/cemlaverneda\/intensius-estiu\/","title":{"rendered":"Activitat Aqu\u00e0tica 7 INTENSIUS ESTIU"},"content":{"rendered":"[vc_row type=\u00bbfull_width_background\u00bb full_screen_row_position=\u00bbmiddle\u00bb column_margin=\u00bbdefault\u00bb equal_height=\u00bbyes\u00bb content_placement=\u00bbmiddle\u00bb column_direction=\u00bbdefault\u00bb column_direction_tablet=\u00bbdefault\u00bb column_direction_phone=\u00bbdefault\u00bb bg_color=\u00bb#ffffff\u00bb scene_position=\u00bbcenter\u00bb top_padding=\u00bb5%\u00bb bottom_padding=\u00bb5%\u00bb text_color=\u00bblight\u00bb text_align=\u00bbleft\u00bb row_border_radius=\u00bbnone\u00bb row_border_radius_applies=\u00bbbg\u00bb overflow=\u00bbvisible\u00bb id=\u00bbbuilt-by-riders\u00bb row_name=\u00bbBuilt By Riders\u00bb color_overlay=\u00bb#1e73be\u00bb overlay_strength=\u00bb1&#8243; gradient_direction=\u00bbleft_to_right\u00bb shape_divider_position=\u00bbbottom\u00bb bg_image_animation=\u00bbnone\u00bb shape_type=\u00bb\u00bb][vc_column column_padding=\u00bbno-extra-padding\u00bb column_padding_tablet=\u00bbinherit\u00bb column_padding_phone=\u00bbinherit\u00bb column_padding_position=\u00bball\u00bb column_element_direction_desktop=\u00bbdefault\u00bb column_element_spacing=\u00bbdefault\u00bb desktop_text_alignment=\u00bbdefault\u00bb tablet_text_alignment=\u00bbdefault\u00bb phone_text_alignment=\u00bbdefault\u00bb background_color_opacity=\u00bb1&#8243; background_hover_color_opacity=\u00bb1&#8243; column_backdrop_filter=\u00bbnone\u00bb column_shadow=\u00bbnone\u00bb column_border_radius=\u00bbnone\u00bb column_link_target=\u00bb_self\u00bb column_position=\u00bbdefault\u00bb gradient_direction=\u00bbleft_to_right\u00bb overlay_strength=\u00bb0.3&#8243; width=\u00bb1\/1&#8243; tablet_width_inherit=\u00bbdefault\u00bb animation_type=\u00bbdefault\u00bb bg_image_animation=\u00bbnone\u00bb border_type=\u00bbsimple\u00bb column_border_width=\u00bbnone\u00bb column_border_style=\u00bbsolid\u00bb][vc_column_text]\n<h4 style=\"text-align: center;\"><strong>Cem La Verneda<\/strong><\/h4>\n<h2 style=\"text-align: center;\">AQUASME<\/h2>\n<h4 style=\"text-align: center;\">ACTIVITAT AQU\u00c0TICA<\/h4>\n[\/vc_column_text][\/vc_column][\/vc_row][vc_row type=\u00bbfull_width_background\u00bb full_screen_row_position=\u00bbmiddle\u00bb column_margin=\u00bbdefault\u00bb equal_height=\u00bbyes\u00bb content_placement=\u00bbmiddle\u00bb column_direction=\u00bbdefault\u00bb column_direction_tablet=\u00bbdefault\u00bb column_direction_phone=\u00bbdefault\u00bb bg_color=\u00bbrgba(255,255,255,0.8)\u00bb scene_position=\u00bbcenter\u00bb top_padding=\u00bb5%\u00bb bottom_padding=\u00bb2%\u00bb text_color=\u00bblight\u00bb text_align=\u00bbleft\u00bb row_border_radius=\u00bbnone\u00bb row_border_radius_applies=\u00bbbg\u00bb overflow=\u00bbvisible\u00bb id=\u00bbbuilt-by-riders\u00bb row_name=\u00bbBuilt By Riders\u00bb color_overlay=\u00bb#ffffff\u00bb overlay_strength=\u00bb1&#8243; gradient_direction=\u00bbleft_to_right\u00bb shape_divider_position=\u00bbbottom\u00bb bg_image_animation=\u00bbnone\u00bb shape_type=\u00bb\u00bb][vc_column column_padding=\u00bbno-extra-padding\u00bb column_padding_tablet=\u00bbinherit\u00bb column_padding_phone=\u00bbinherit\u00bb column_padding_position=\u00bball\u00bb column_element_direction_desktop=\u00bbdefault\u00bb column_element_spacing=\u00bbdefault\u00bb centered_text=\u00bbtrue\u00bb desktop_text_alignment=\u00bbdefault\u00bb tablet_text_alignment=\u00bbdefault\u00bb phone_text_alignment=\u00bbdefault\u00bb background_color_opacity=\u00bb1&#8243; background_hover_color_opacity=\u00bb1&#8243; column_backdrop_filter=\u00bbnone\u00bb column_shadow=\u00bbnone\u00bb column_border_radius=\u00bbnone\u00bb column_link_target=\u00bb_self\u00bb column_position=\u00bbdefault\u00bb gradient_direction=\u00bbleft_to_right\u00bb overlay_strength=\u00bb0.3&#8243; width=\u00bb1\/1&#8243; tablet_width_inherit=\u00bbdefault\u00bb animation_type=\u00bbdefault\u00bb bg_image_animation=\u00bbnone\u00bb border_type=\u00bbsimple\u00bb column_border_width=\u00bbnone\u00bb column_border_style=\u00bbsolid\u00bb column_padding_type=\u00bbdefault\u00bb gradient_type=\u00bbdefault\u00bb][vc_column_text]\n<hr \/>\n<h2 style=\"text-align: center;\"><span style=\"color: #000000;\"><strong>CURSETS INTENSIUS D&#8217;ESTIU D&#8217;ACTIVITAT AQU\u00c0TICA<\/strong><\/span><\/h2>\n<hr \/>\n<h2 style=\"text-align: center;\"><\/h2>\n[\/vc_column_text][vc_row_inner column_margin=\u00bbdefault\u00bb column_direction=\u00bbdefault\u00bb column_direction_tablet=\u00bbdefault\u00bb column_direction_phone=\u00bbdefault\u00bb text_align=\u00bbcenter\u00bb row_position=\u00bbdefault\u00bb row_position_tablet=\u00bbinherit\u00bb row_position_phone=\u00bbinherit\u00bb overflow=\u00bbvisible\u00bb pointer_events=\u00bball\u00bb][vc_column_inner column_padding=\u00bbno-extra-padding\u00bb column_padding_tablet=\u00bbinherit\u00bb column_padding_phone=\u00bbinherit\u00bb column_padding_position=\u00bball\u00bb column_element_direction_desktop=\u00bbdefault\u00bb column_element_spacing=\u00bbdefault\u00bb desktop_text_alignment=\u00bbdefault\u00bb tablet_text_alignment=\u00bbdefault\u00bb phone_text_alignment=\u00bbdefault\u00bb background_color_opacity=\u00bb1&#8243; background_hover_color_opacity=\u00bb1&#8243; column_backdrop_filter=\u00bbnone\u00bb font_color=\u00bb#1e73be\u00bb column_shadow=\u00bbnone\u00bb column_border_radius=\u00bbnone\u00bb column_link_target=\u00bb_self\u00bb overflow=\u00bbvisible\u00bb gradient_direction=\u00bbleft_to_right\u00bb overlay_strength=\u00bb0.3&#8243; width=\u00bb1\/1&#8243; tablet_width_inherit=\u00bbdefault\u00bb animation_type=\u00bbdefault\u00bb bg_image_animation=\u00bbnone\u00bb border_type=\u00bbsimple\u00bb column_border_width=\u00bbnone\u00bb column_border_style=\u00bbsolid\u00bb][vc_column_text]\n<h3 style=\"text-align: center;\"><span style=\"color: #3b72b9;\"><strong>INSCRIPCIONS ONLINE I PRESENCIALS A PARTIR DE L&#8217;11 DE MAIG!<\/strong><\/span><\/h3>\n[\/vc_column_text][\/vc_column_inner][\/vc_row_inner][divider line_type=\u00bbNo Line\u00bb][vc_row_inner content_placement=\u00bbmiddle\u00bb column_margin=\u00bbdefault\u00bb column_direction=\u00bbdefault\u00bb column_direction_tablet=\u00bbdefault\u00bb column_direction_phone=\u00bbdefault\u00bb text_align=\u00bbcenter\u00bb row_position=\u00bbdefault\u00bb row_position_tablet=\u00bbinherit\u00bb row_position_phone=\u00bbinherit\u00bb overflow=\u00bbvisible\u00bb pointer_events=\u00bball\u00bb][vc_column_inner column_padding=\u00bbno-extra-padding\u00bb column_padding_tablet=\u00bbinherit\u00bb column_padding_phone=\u00bbinherit\u00bb column_padding_position=\u00bball\u00bb column_element_direction_desktop=\u00bbdefault\u00bb column_element_spacing=\u00bbdefault\u00bb desktop_text_alignment=\u00bbdefault\u00bb tablet_text_alignment=\u00bbdefault\u00bb phone_text_alignment=\u00bbdefault\u00bb background_color_opacity=\u00bb1&#8243; background_hover_color_opacity=\u00bb1&#8243; column_backdrop_filter=\u00bbnone\u00bb column_shadow=\u00bbnone\u00bb column_border_radius=\u00bbnone\u00bb column_link_target=\u00bb_self\u00bb overflow=\u00bbvisible\u00bb gradient_direction=\u00bbleft_to_right\u00bb overlay_strength=\u00bb0.3&#8243; width=\u00bb1\/2&#8243; tablet_width_inherit=\u00bbdefault\u00bb animation_type=\u00bbdefault\u00bb bg_image_animation=\u00bbnone\u00bb border_type=\u00bbsimple\u00bb column_border_width=\u00bbnone\u00bb column_border_style=\u00bbsolid\u00bb][nectar_btn size=\u00bbjumbo\u00bb open_new_tab=\u00bbtrue\u00bb button_style=\u00bbregular\u00bb button_color_2=\u00bbAccent-Color\u00bb color_override=\u00bb#1e73be\u00bb icon_family=\u00bbnone\u00bb text=\u00bbINSCRIPCIONS ONLINE AQU\u00cd\u00bb url=\u00bbhttps:\/\/asme.poliwincloud.com\/cat\/poliwin\/preinscripcio\u00bb][\/vc_column_inner][vc_column_inner column_padding=\u00bbno-extra-padding\u00bb column_padding_tablet=\u00bbinherit\u00bb column_padding_phone=\u00bbinherit\u00bb column_padding_position=\u00bball\u00bb column_element_direction_desktop=\u00bbdefault\u00bb column_element_spacing=\u00bbdefault\u00bb desktop_text_alignment=\u00bbdefault\u00bb tablet_text_alignment=\u00bbdefault\u00bb phone_text_alignment=\u00bbdefault\u00bb background_color_opacity=\u00bb1&#8243; background_hover_color_opacity=\u00bb1&#8243; column_backdrop_filter=\u00bbnone\u00bb column_shadow=\u00bbnone\u00bb column_border_radius=\u00bbnone\u00bb column_link_target=\u00bb_self\u00bb overflow=\u00bbvisible\u00bb gradient_direction=\u00bbleft_to_right\u00bb overlay_strength=\u00bb0.3&#8243; width=\u00bb1\/2&#8243; tablet_width_inherit=\u00bbdefault\u00bb animation_type=\u00bbdefault\u00bb bg_image_animation=\u00bbnone\u00bb border_type=\u00bbsimple\u00bb column_border_width=\u00bbnone\u00bb column_border_style=\u00bbsolid\u00bb][nectar_btn size=\u00bbjumbo\u00bb open_new_tab=\u00bbtrue\u00bb button_style=\u00bbregular\u00bb button_color_2=\u00bbAccent-Color\u00bb color_override=\u00bb#1e73be\u00bb icon_family=\u00bbnone\u00bb text=\u00bbINSCRIPCIONS PRESENCIALS AQU\u00cd\u00bb url=\u00bbhttps:\/\/www.asme.cat\/cemlaverneda\/horaris-centre\/\u00bb][\/vc_column_inner][\/vc_row_inner][\/vc_column][\/vc_row][vc_row type=\u00bbfull_width_background\u00bb full_screen_row_position=\u00bbmiddle\u00bb column_margin=\u00bbdefault\u00bb equal_height=\u00bbyes\u00bb content_placement=\u00bbmiddle\u00bb column_direction=\u00bbdefault\u00bb column_direction_tablet=\u00bbdefault\u00bb column_direction_phone=\u00bbdefault\u00bb bg_color=\u00bb#ffffff\u00bb scene_position=\u00bbcenter\u00bb top_padding=\u00bb4%\u00bb bottom_padding=\u00bb7%\u00bb right_padding_desktop=\u00bb0%\u00bb text_color=\u00bblight\u00bb text_align=\u00bbleft\u00bb row_border_radius=\u00bbnone\u00bb row_border_radius_applies=\u00bbbg\u00bb overflow=\u00bbvisible\u00bb overlay_strength=\u00bb0.3&#8243; gradient_direction=\u00bbleft_to_right\u00bb shape_divider_position=\u00bbbottom\u00bb bg_image_animation=\u00bbnone\u00bb shape_type=\u00bb\u00bb][vc_column column_padding=\u00bbpadding-6-percent\u00bb column_padding_tablet=\u00bbinherit\u00bb column_padding_phone=\u00bbinherit\u00bb column_padding_position=\u00bbright\u00bb column_element_direction_desktop=\u00bbdefault\u00bb column_element_spacing=\u00bbdefault\u00bb desktop_text_alignment=\u00bbdefault\u00bb tablet_text_alignment=\u00bbdefault\u00bb phone_text_alignment=\u00bbdefault\u00bb background_color_opacity=\u00bb1&#8243; background_hover_color_opacity=\u00bb1&#8243; column_backdrop_filter=\u00bbnone\u00bb column_shadow=\u00bbnone\u00bb column_border_radius=\u00bbnone\u00bb column_link_target=\u00bb_self\u00bb column_position=\u00bbdefault\u00bb gradient_direction=\u00bbleft_to_right\u00bb overlay_strength=\u00bb0.3&#8243; width=\u00bb5\/12&#8243; tablet_width_inherit=\u00bbdefault\u00bb animation_type=\u00bbdefault\u00bb bg_image_animation=\u00bbnone\u00bb border_type=\u00bbsimple\u00bb column_border_width=\u00bbnone\u00bb column_border_style=\u00bbsolid\u00bb][image_with_animation image_url=\u00bb11579&#8243; image_size=\u00bbfull\u00bb animation_type=\u00bbentrance\u00bb animation=\u00bbFade In\u00bb animation_easing=\u00bbdefault\u00bb animation_movement_type=\u00bbtransform_y\u00bb hover_animation=\u00bbnone\u00bb alignment=\u00bb\u00bb border_radius=\u00bbnone\u00bb box_shadow=\u00bbx_large_depth\u00bb image_loading=\u00bbdefault\u00bb max_width=\u00bb100%\u00bb max_width_mobile=\u00bbdefault\u00bb][image_with_animation image_url=\u00bb11581&#8243; image_size=\u00bbfull\u00bb animation_type=\u00bbentrance\u00bb animation=\u00bbFade In\u00bb animation_easing=\u00bbdefault\u00bb animation_movement_type=\u00bbtransform_y\u00bb hover_animation=\u00bbnone\u00bb alignment=\u00bb\u00bb border_radius=\u00bbnone\u00bb box_shadow=\u00bbnone\u00bb image_loading=\u00bbdefault\u00bb max_width=\u00bb100%\u00bb max_width_mobile=\u00bbdefault\u00bb][\/vc_column][vc_column column_padding=\u00bbno-extra-padding\u00bb column_padding_tablet=\u00bbinherit\u00bb column_padding_phone=\u00bbinherit\u00bb column_padding_position=\u00bball\u00bb top_margin=\u00bb-20&#8243; column_element_direction_desktop=\u00bbdefault\u00bb column_element_spacing=\u00bbdefault\u00bb desktop_text_alignment=\u00bbdefault\u00bb tablet_text_alignment=\u00bbdefault\u00bb phone_text_alignment=\u00bbdefault\u00bb background_color_opacity=\u00bb1&#8243; background_hover_color_opacity=\u00bb1&#8243; column_backdrop_filter=\u00bbnone\u00bb column_shadow=\u00bbnone\u00bb column_border_radius=\u00bbnone\u00bb column_link_target=\u00bb_self\u00bb column_position=\u00bbdefault\u00bb gradient_direction=\u00bbleft_to_right\u00bb overlay_strength=\u00bb0.3&#8243; width=\u00bb7\/12&#8243; tablet_width_inherit=\u00bbdefault\u00bb animation_type=\u00bbdefault\u00bb bg_image_animation=\u00bbnone\u00bb border_type=\u00bbsimple\u00bb column_border_width=\u00bbnone\u00bb column_border_style=\u00bbsolid\u00bb][vc_column_text]<span style=\"color: #1e73be;\"><b>LA NOSTRA METODOLOGIA<\/b><\/span><\/p>\n<p><span style=\"font-weight: 400; color: #000000;\">La nostra metodologia es basa en el model educatiu. Aix\u00ed, la programaci\u00f3 dels continguts aqu\u00e0tics que els seus fills i filles realitzen a la nostra instal\u00b7laci\u00f3 estan adaptats al Curr\u00edculum Oficial del Departament d\u2019Educaci\u00f3 F\u00edsica que marca la Generalitat de Catalunya.\u00a0<\/span><\/p>\n<p><span style=\"font-weight: 400; color: #000000;\">Aquesta metodologia, on l\u2019objectiu final \u00e9s l\u2019educaci\u00f3 integral del nen, ens permet donar una base d\u2019aprenentatge m\u00e9s progressiva, variada, global, motivant i individualitzada.<\/span><\/p>\n<p><span style=\"font-weight: 400; color: #000000;\">Tots els continguts d\u2019aquesta programaci\u00f3 ofereixen tant als infants, com joves i adults, un \u00f2ptim desenvolupament motriu, f\u00edsic, emocional i l\u00fadic. Aquests estan englobats en 4 blocs:<\/span>[\/vc_column_text][vc_row_inner column_margin=\u00bbdefault\u00bb column_direction=\u00bbdefault\u00bb column_direction_tablet=\u00bbdefault\u00bb column_direction_phone=\u00bbdefault\u00bb text_align=\u00bbleft\u00bb row_position=\u00bbdefault\u00bb row_position_tablet=\u00bbinherit\u00bb row_position_phone=\u00bbinherit\u00bb overflow=\u00bbvisible\u00bb pointer_events=\u00bball\u00bb][vc_column_inner column_padding=\u00bbno-extra-padding\u00bb column_padding_tablet=\u00bbinherit\u00bb column_padding_phone=\u00bbinherit\u00bb column_padding_position=\u00bball\u00bb column_element_direction_desktop=\u00bbdefault\u00bb column_element_spacing=\u00bbdefault\u00bb desktop_text_alignment=\u00bbdefault\u00bb tablet_text_alignment=\u00bbdefault\u00bb phone_text_alignment=\u00bbdefault\u00bb background_color_opacity=\u00bb1&#8243; background_hover_color_opacity=\u00bb1&#8243; column_backdrop_filter=\u00bbnone\u00bb column_shadow=\u00bbnone\u00bb column_border_radius=\u00bbnone\u00bb column_link_target=\u00bb_self\u00bb overflow=\u00bbvisible\u00bb gradient_direction=\u00bbleft_to_right\u00bb overlay_strength=\u00bb0.3&#8243; width=\u00bb1\/1&#8243; tablet_width_inherit=\u00bbdefault\u00bb animation_type=\u00bbdefault\u00bb bg_image_animation=\u00bbnone\u00bb border_type=\u00bbsimple\u00bb column_border_width=\u00bbnone\u00bb column_border_style=\u00bbsolid\u00bb][vc_column_text css=\u00bb.vc_custom_1745922422749{padding-top: 10px !important;padding-bottom: 10px !important;}\u00bb]<span style=\"color: #1e73be;\"><b>1) Descobriment <\/b><span style=\"font-weight: 400;\">del medi aqu\u00e0tic, adaptar-se a ell i al seu entorn.<\/span><\/span><\/p>\n<p><span style=\"color: #1e73be;\"><b>2) Domini <\/b><span style=\"font-weight: 400;\">\u00a0del medi aqu\u00e0tic, assolint una autonomia, refor\u00e7ant el coneixement de l\u2019esquema corporal i potenciant el desenvolupament motriu i cognitiu dins del medi.<\/span><\/span><\/p>\n<p><span style=\"color: #1e73be;\"><span style=\"font-weight: 400;\"><strong>3) <\/strong>Millora i correcci\u00f3 de la <\/span><b>t\u00e8cnica d\u2019estils.<\/b><\/span><\/p>\n<p><span style=\"color: #1e73be;\"><span style=\"color: #1e73be;\"><b>4) Activitat aqu\u00e0tica recreativa <\/b><span style=\"font-weight: 400;\">i aprendre a nedar amb diversi\u00f3.<\/span><\/span><\/span>[\/vc_column_text][divider line_type=\u00bbNo Line\u00bb custom_height=\u00bb20&#8243;][vc_column_text]<span style=\"color: #1e73be;\"><b>ES RECOMANA<\/b>\u00a0<\/span><\/p>\n<p><span style=\"color: #000000;\">L\u2019\u00fas de sabatilles f\u00e0cils de posar i treure, i d\u2019\u00fas exclusiu per a la piscina.\u00a0<\/span><\/p>\n<p><span style=\"color: #1e73be;\"><b>CAL PORTAR<\/b>\u00a0<\/span><\/p>\n<p><span style=\"color: #000000;\">Banyador, casquet de bany, xancletes i tovallola o barn\u00fas.\u00a0<\/span>[\/vc_column_text][\/vc_column_inner][\/vc_row_inner][\/vc_column][\/vc_row][vc_row type=\u00bbin_container\u00bb full_screen_row_position=\u00bbmiddle\u00bb column_margin=\u00bbdefault\u00bb column_direction=\u00bbdefault\u00bb column_direction_tablet=\u00bbdefault\u00bb column_direction_phone=\u00bbdefault\u00bb scene_position=\u00bbcenter\u00bb text_color=\u00bbdark\u00bb text_align=\u00bbleft\u00bb row_border_radius=\u00bbnone\u00bb row_border_radius_applies=\u00bbbg\u00bb overflow=\u00bbvisible\u00bb overlay_strength=\u00bb0.3&#8243; gradient_direction=\u00bbleft_to_right\u00bb shape_divider_position=\u00bbbottom\u00bb bg_image_animation=\u00bbnone\u00bb][vc_column column_padding=\u00bbno-extra-padding\u00bb column_padding_tablet=\u00bbinherit\u00bb column_padding_phone=\u00bbinherit\u00bb column_padding_position=\u00bball\u00bb top_margin=\u00bb100&#8243; column_element_direction_desktop=\u00bbdefault\u00bb column_element_spacing=\u00bbdefault\u00bb desktop_text_alignment=\u00bbdefault\u00bb tablet_text_alignment=\u00bbdefault\u00bb phone_text_alignment=\u00bbdefault\u00bb background_color_opacity=\u00bb1&#8243; background_hover_color_opacity=\u00bb1&#8243; column_backdrop_filter=\u00bbnone\u00bb column_shadow=\u00bbnone\u00bb column_border_radius=\u00bbnone\u00bb column_link_target=\u00bb_self\u00bb column_position=\u00bbdefault\u00bb gradient_direction=\u00bbleft_to_right\u00bb overlay_strength=\u00bb0.3&#8243; width=\u00bb1\/1&#8243; tablet_width_inherit=\u00bbdefault\u00bb animation_type=\u00bbdefault\u00bb bg_image_animation=\u00bbnone\u00bb border_type=\u00bbsimple\u00bb column_border_width=\u00bbnone\u00bb column_border_style=\u00bbsolid\u00bb][split_line_heading animation_type=\u00bbdefault\u00bb]\n<h2 style=\"color: #1e83ec; text-align: left;\">HORARIS I PREUS (ESTIU 2026)<\/h2>\n[\/split_line_heading][\/vc_column][\/vc_row][vc_row type=\u00bbin_container\u00bb full_screen_row_position=\u00bbmiddle\u00bb column_margin=\u00bbdefault\u00bb column_direction=\u00bbdefault\u00bb column_direction_tablet=\u00bbdefault\u00bb column_direction_phone=\u00bbdefault\u00bb scene_position=\u00bbcenter\u00bb text_color=\u00bbdark\u00bb text_align=\u00bbleft\u00bb row_border_radius=\u00bbnone\u00bb row_border_radius_applies=\u00bbbg\u00bb overflow=\u00bbvisible\u00bb overlay_strength=\u00bb0.3&#8243; gradient_direction=\u00bbleft_to_right\u00bb shape_divider_position=\u00bbbottom\u00bb bg_image_animation=\u00bbnone\u00bb][vc_column column_padding=\u00bbno-extra-padding\u00bb column_padding_tablet=\u00bbinherit\u00bb column_padding_phone=\u00bbinherit\u00bb column_padding_position=\u00bball\u00bb column_element_direction_desktop=\u00bbdefault\u00bb column_element_spacing=\u00bbdefault\u00bb desktop_text_alignment=\u00bbdefault\u00bb tablet_text_alignment=\u00bbdefault\u00bb phone_text_alignment=\u00bbdefault\u00bb background_color_opacity=\u00bb1&#8243; background_hover_color_opacity=\u00bb1&#8243; column_backdrop_filter=\u00bbnone\u00bb column_shadow=\u00bbnone\u00bb column_border_radius=\u00bbnone\u00bb column_link_target=\u00bb_self\u00bb column_position=\u00bbdefault\u00bb gradient_direction=\u00bbleft_to_right\u00bb overlay_strength=\u00bb0.3&#8243; width=\u00bb1\/1&#8243; tablet_width_inherit=\u00bbdefault\u00bb animation_type=\u00bbdefault\u00bb bg_image_animation=\u00bbnone\u00bb border_type=\u00bbsimple\u00bb column_border_width=\u00bbnone\u00bb column_border_style=\u00bbsolid\u00bb][vc_row_inner column_margin=\u00bbdefault\u00bb column_direction=\u00bbdefault\u00bb column_direction_tablet=\u00bbdefault\u00bb column_direction_phone=\u00bbdefault\u00bb text_align=\u00bbleft\u00bb row_position=\u00bbdefault\u00bb row_position_tablet=\u00bbinherit\u00bb row_position_phone=\u00bbinherit\u00bb overflow=\u00bbvisible\u00bb pointer_events=\u00bball\u00bb el_id=\u00bbvintro\u00bb][\/vc_row_inner][vc_column_text]\n<h3><span style=\"color: #3b72b9;\">INFANTS<\/span><\/h3>\n[\/vc_column_text][vc_column_text]\n<h6>TORN 1: del 22 de juny al 2 de juliol<\/h6>\n<h6><\/h6>\n[\/vc_column_text][vc_column_text]<strong>Els dies 23 i 24 de juny no hi haur\u00e0 activitat aqu\u00e0tica educativa per revetlla i dia de Sant Joan.<\/strong>[\/vc_column_text][nectar_horizontal_list_item columns=\u00bb4&#8243; column_layout_using_4_columns=\u00bbeven\u00bb col_1_text_align=\u00bbleft\u00bb col_2_text_align=\u00bbleft\u00bb col_3_text_align=\u00bbleft\u00bb col_4_text_align=\u00bbleft\u00bb col_1_text_element=\u00bbp\u00bb col_2_text_element=\u00bbp\u00bb col_3_text_element=\u00bbp\u00bb col_4_text_element=\u00bbp\u00bb font_family=\u00bbp\u00bb hover_effect=\u00bbdefault\u00bb hover_color=\u00bbaccent-color\u00bb icon_family=\u00bbnone\u00bb icon_size=\u00bbregular\u00bb col_2_content=\u00bbDe dill. a dij. &#8211; De 17:00h a 18:00h\u00bb col_3_content=\u00bbAbonat: 37,20\u20ac (6 sessions)\u00bb col_4_content=\u00bbNo Abonat: 46,50\u20ac (6 sessions)\u00bb col_1_content=\u00bbInfantil (De 3 a 6 anys)\u00bb][nectar_horizontal_list_item columns=\u00bb4&#8243; column_layout_using_4_columns=\u00bbeven\u00bb col_1_text_align=\u00bbleft\u00bb col_2_text_align=\u00bbleft\u00bb col_3_text_align=\u00bbleft\u00bb col_4_text_align=\u00bbleft\u00bb col_1_text_element=\u00bbp\u00bb col_2_text_element=\u00bbp\u00bb col_3_text_element=\u00bbp\u00bb col_4_text_element=\u00bbp\u00bb font_family=\u00bbp\u00bb hover_effect=\u00bbdefault\u00bb hover_color=\u00bbaccent-color\u00bb icon_family=\u00bbnone\u00bb icon_size=\u00bbregular\u00bb col_2_content=\u00bbDe dill. a dij. &#8211; De 18:00h a 19:00h\u00bb col_3_content=\u00bbAbonat: 37,20\u20ac (6 sessions)\u00bb col_4_content=\u00bbNo Abonat: 46,50\u20ac (6 sessions)\u00bb][nectar_horizontal_list_item columns=\u00bb3&#8243; column_layout_using_3_columns=\u00bbeven\u00bb col_1_text_align=\u00bbleft\u00bb col_2_text_align=\u00bbcenter\u00bb col_3_text_align=\u00bbleft\u00bb col_1_text_element=\u00bbp\u00bb col_2_text_element=\u00bbp\u00bb col_3_text_element=\u00bbp\u00bb font_family=\u00bbp\u00bb hover_effect=\u00bbdefault\u00bb hover_color=\u00bbaccent-color\u00bb icon_family=\u00bbnone\u00bb icon_size=\u00bbregular\u00bb col_2_content=\u00bb\u2b06\ufe0f 8 places disponibles \u2b06\ufe0f\u00bb][nectar_horizontal_list_item columns=\u00bb4&#8243; column_layout_using_4_columns=\u00bbeven\u00bb col_1_text_align=\u00bbleft\u00bb col_2_text_align=\u00bbleft\u00bb col_3_text_align=\u00bbleft\u00bb col_4_text_align=\u00bbleft\u00bb col_1_text_element=\u00bbp\u00bb col_2_text_element=\u00bbp\u00bb col_3_text_element=\u00bbp\u00bb col_4_text_element=\u00bbp\u00bb font_family=\u00bbp\u00bb hover_effect=\u00bbdefault\u00bb hover_color=\u00bbaccent-color\u00bb icon_family=\u00bbnone\u00bb icon_size=\u00bbregular\u00bb col_2_content=\u00bbDe dill. a dij. &#8211; De 17:00h a 18:00h\u00bb col_3_content=\u00bbAbonat: 37,20\u20ac (6 sessions)\u00bb col_4_content=\u00bbNo Abonat: 46,50\u20ac (6 sessions)\u00bb col_1_content=\u00bbPrim\u00e0ria (De 7 a 14 anys)\u00bb][nectar_horizontal_list_item columns=\u00bb4&#8243; column_layout_using_4_columns=\u00bbeven\u00bb col_1_text_align=\u00bbleft\u00bb col_2_text_align=\u00bbleft\u00bb col_3_text_align=\u00bbleft\u00bb col_4_text_align=\u00bbleft\u00bb col_1_text_element=\u00bbp\u00bb col_2_text_element=\u00bbp\u00bb col_3_text_element=\u00bbp\u00bb col_4_text_element=\u00bbp\u00bb font_family=\u00bbp\u00bb hover_effect=\u00bbdefault\u00bb hover_color=\u00bbaccent-color\u00bb icon_family=\u00bbnone\u00bb icon_size=\u00bbregular\u00bb col_2_content=\u00bbDe dill. a dij. &#8211; De 18:00h a 19:00h\u00bb col_3_content=\u00bbAbonat: 37,20\u20ac (6 sessions)\u00bb col_4_content=\u00bbNo Abonat: 46,50\u20ac (6 sessions)\u00bb][nectar_horizontal_list_item columns=\u00bb3&#8243; column_layout_using_3_columns=\u00bbeven\u00bb col_1_text_align=\u00bbleft\u00bb col_2_text_align=\u00bbcenter\u00bb col_3_text_align=\u00bbleft\u00bb col_1_text_element=\u00bbp\u00bb col_2_text_element=\u00bbp\u00bb col_3_text_element=\u00bbp\u00bb font_family=\u00bbp\u00bb hover_effect=\u00bbdefault\u00bb hover_color=\u00bbaccent-color\u00bb icon_family=\u00bbnone\u00bb icon_size=\u00bbregular\u00bb col_2_content=\u00bb\u2b06\ufe0f 10 places disponibles \u2b06\ufe0f\u00bb][\/vc_column][\/vc_row][vc_row type=\u00bbin_container\u00bb full_screen_row_position=\u00bbmiddle\u00bb column_margin=\u00bbdefault\u00bb column_direction=\u00bbdefault\u00bb column_direction_tablet=\u00bbdefault\u00bb column_direction_phone=\u00bbdefault\u00bb scene_position=\u00bbcenter\u00bb text_color=\u00bbdark\u00bb text_align=\u00bbleft\u00bb row_border_radius=\u00bbnone\u00bb row_border_radius_applies=\u00bbbg\u00bb overflow=\u00bbvisible\u00bb overlay_strength=\u00bb0.3&#8243; gradient_direction=\u00bbleft_to_right\u00bb shape_divider_position=\u00bbbottom\u00bb bg_image_animation=\u00bbnone\u00bb][vc_column column_padding=\u00bbno-extra-padding\u00bb column_padding_tablet=\u00bbinherit\u00bb column_padding_phone=\u00bbinherit\u00bb column_padding_position=\u00bball\u00bb column_element_direction_desktop=\u00bbdefault\u00bb column_element_spacing=\u00bbdefault\u00bb desktop_text_alignment=\u00bbdefault\u00bb tablet_text_alignment=\u00bbdefault\u00bb phone_text_alignment=\u00bbdefault\u00bb background_color_opacity=\u00bb1&#8243; background_hover_color_opacity=\u00bb1&#8243; column_backdrop_filter=\u00bbnone\u00bb column_shadow=\u00bbnone\u00bb column_border_radius=\u00bbnone\u00bb column_link_target=\u00bb_self\u00bb column_position=\u00bbdefault\u00bb gradient_direction=\u00bbleft_to_right\u00bb overlay_strength=\u00bb0.3&#8243; width=\u00bb1\/1&#8243; tablet_width_inherit=\u00bbdefault\u00bb animation_type=\u00bbdefault\u00bb bg_image_animation=\u00bbnone\u00bb border_type=\u00bbsimple\u00bb column_border_width=\u00bbnone\u00bb column_border_style=\u00bbsolid\u00bb][vc_row_inner column_margin=\u00bbdefault\u00bb column_direction=\u00bbdefault\u00bb column_direction_tablet=\u00bbdefault\u00bb column_direction_phone=\u00bbdefault\u00bb text_align=\u00bbleft\u00bb row_position=\u00bbdefault\u00bb row_position_tablet=\u00bbinherit\u00bb row_position_phone=\u00bbinherit\u00bb overflow=\u00bbvisible\u00bb pointer_events=\u00bball\u00bb el_id=\u00bbvintro\u00bb][\/vc_row_inner][vc_column_text]\n<h6>TORN 2: del 6 al 17 de juliol<\/h6>\n<h6><\/h6>\n[\/vc_column_text][nectar_horizontal_list_item columns=\u00bb4&#8243; column_layout_using_4_columns=\u00bbeven\u00bb col_1_text_align=\u00bbleft\u00bb col_2_text_align=\u00bbleft\u00bb col_3_text_align=\u00bbleft\u00bb col_4_text_align=\u00bbleft\u00bb col_1_text_element=\u00bbp\u00bb col_2_text_element=\u00bbp\u00bb col_3_text_element=\u00bbp\u00bb col_4_text_element=\u00bbp\u00bb font_family=\u00bbp\u00bb hover_effect=\u00bbdefault\u00bb hover_color=\u00bbaccent-color\u00bb icon_family=\u00bbnone\u00bb icon_size=\u00bbregular\u00bb col_2_content=\u00bbDe dill. a dij. &#8211; De 17:00h a 18:00h\u00bb col_3_content=\u00bbAbonat: 49,60\u20ac (8 sessions)\u00bb col_4_content=\u00bbNo Abonat: 62,00\u20ac (8 sessions)\u00bb col_1_content=\u00bbInfantil (De 3 a 6 anys)\u00bb][nectar_horizontal_list_item columns=\u00bb4&#8243; column_layout_using_4_columns=\u00bbeven\u00bb col_1_text_align=\u00bbleft\u00bb col_2_text_align=\u00bbleft\u00bb col_3_text_align=\u00bbleft\u00bb col_4_text_align=\u00bbleft\u00bb col_1_text_element=\u00bbp\u00bb col_2_text_element=\u00bbp\u00bb col_3_text_element=\u00bbp\u00bb col_4_text_element=\u00bbp\u00bb font_family=\u00bbp\u00bb hover_effect=\u00bbdefault\u00bb hover_color=\u00bbaccent-color\u00bb icon_family=\u00bbnone\u00bb icon_size=\u00bbregular\u00bb col_2_content=\u00bbDe dill. a dij. &#8211; De 18:00h a 19:00h\u00bb col_3_content=\u00bbAbonat: 49,60\u20ac (8 sessions)\u00bb col_4_content=\u00bbNo Abonat: 62,00\u20ac (8 sessions)\u00bb][nectar_horizontal_list_item columns=\u00bb3&#8243; column_layout_using_3_columns=\u00bbeven\u00bb col_1_text_align=\u00bbleft\u00bb col_2_text_align=\u00bbcenter\u00bb col_3_text_align=\u00bbleft\u00bb col_1_text_element=\u00bbp\u00bb col_2_text_element=\u00bbp\u00bb col_3_text_element=\u00bbp\u00bb font_family=\u00bbp\u00bb hover_effect=\u00bbdefault\u00bb hover_color=\u00bbaccent-color\u00bb icon_family=\u00bbnone\u00bb icon_size=\u00bbregular\u00bb col_2_content=\u00bb\u2b06\ufe0f 8 places disponibles \u2b06\ufe0f\u00bb][nectar_horizontal_list_item columns=\u00bb4&#8243; column_layout_using_4_columns=\u00bbeven\u00bb col_1_text_align=\u00bbleft\u00bb col_2_text_align=\u00bbleft\u00bb col_3_text_align=\u00bbleft\u00bb col_4_text_align=\u00bbleft\u00bb col_1_text_element=\u00bbp\u00bb col_2_text_element=\u00bbp\u00bb col_3_text_element=\u00bbp\u00bb col_4_text_element=\u00bbp\u00bb font_family=\u00bbp\u00bb hover_effect=\u00bbdefault\u00bb hover_color=\u00bbaccent-color\u00bb icon_family=\u00bbnone\u00bb icon_size=\u00bbregular\u00bb col_2_content=\u00bbDe dill. a dij. &#8211; De 17:00h a 18:00h\u00bb col_3_content=\u00bbAbonat: 49,60\u20ac (8 sessions)\u00bb col_4_content=\u00bbNo Abonat: 62,00\u20ac (8 sessions)\u00bb col_1_content=\u00bbPrim\u00e0ria (De 7 a 14 anys)\u00bb][nectar_horizontal_list_item columns=\u00bb4&#8243; column_layout_using_4_columns=\u00bbeven\u00bb col_1_text_align=\u00bbleft\u00bb col_2_text_align=\u00bbleft\u00bb col_3_text_align=\u00bbleft\u00bb col_4_text_align=\u00bbleft\u00bb col_1_text_element=\u00bbp\u00bb col_2_text_element=\u00bbp\u00bb col_3_text_element=\u00bbp\u00bb col_4_text_element=\u00bbp\u00bb font_family=\u00bbp\u00bb hover_effect=\u00bbdefault\u00bb hover_color=\u00bbaccent-color\u00bb icon_family=\u00bbnone\u00bb icon_size=\u00bbregular\u00bb col_2_content=\u00bbDe dill. a dij. &#8211; De 18:00h a 19:00h\u00bb col_3_content=\u00bbAbonat: 49,60\u20ac (8 sessions)\u00bb col_4_content=\u00bbNo Abonat: 62,00\u20ac (8 sessions)\u00bb][nectar_horizontal_list_item columns=\u00bb3&#8243; column_layout_using_3_columns=\u00bbeven\u00bb col_1_text_align=\u00bbleft\u00bb col_2_text_align=\u00bbcenter\u00bb col_3_text_align=\u00bbleft\u00bb col_1_text_element=\u00bbp\u00bb col_2_text_element=\u00bbp\u00bb col_3_text_element=\u00bbp\u00bb font_family=\u00bbp\u00bb hover_effect=\u00bbdefault\u00bb hover_color=\u00bbaccent-color\u00bb icon_family=\u00bbnone\u00bb icon_size=\u00bbregular\u00bb col_2_content=\u00bb\u2b06\ufe0f 10 places disponibles \u2b06\ufe0f\u00bb][\/vc_column][\/vc_row][vc_row type=\u00bbin_container\u00bb full_screen_row_position=\u00bbmiddle\u00bb column_margin=\u00bbdefault\u00bb column_direction=\u00bbdefault\u00bb column_direction_tablet=\u00bbdefault\u00bb column_direction_phone=\u00bbdefault\u00bb scene_position=\u00bbcenter\u00bb text_color=\u00bbdark\u00bb text_align=\u00bbleft\u00bb row_border_radius=\u00bbnone\u00bb row_border_radius_applies=\u00bbbg\u00bb overflow=\u00bbvisible\u00bb overlay_strength=\u00bb0.3&#8243; gradient_direction=\u00bbleft_to_right\u00bb shape_divider_position=\u00bbbottom\u00bb bg_image_animation=\u00bbnone\u00bb][vc_column column_padding=\u00bbno-extra-padding\u00bb column_padding_tablet=\u00bbinherit\u00bb column_padding_phone=\u00bbinherit\u00bb column_padding_position=\u00bball\u00bb column_element_direction_desktop=\u00bbdefault\u00bb column_element_spacing=\u00bbdefault\u00bb desktop_text_alignment=\u00bbdefault\u00bb tablet_text_alignment=\u00bbdefault\u00bb phone_text_alignment=\u00bbdefault\u00bb background_color_opacity=\u00bb1&#8243; background_hover_color_opacity=\u00bb1&#8243; column_backdrop_filter=\u00bbnone\u00bb column_shadow=\u00bbnone\u00bb column_border_radius=\u00bbnone\u00bb column_link_target=\u00bb_self\u00bb column_position=\u00bbdefault\u00bb gradient_direction=\u00bbleft_to_right\u00bb overlay_strength=\u00bb0.3&#8243; width=\u00bb1\/1&#8243; tablet_width_inherit=\u00bbdefault\u00bb animation_type=\u00bbdefault\u00bb bg_image_animation=\u00bbnone\u00bb border_type=\u00bbsimple\u00bb column_border_width=\u00bbnone\u00bb column_border_style=\u00bbsolid\u00bb][vc_row_inner column_margin=\u00bbdefault\u00bb column_direction=\u00bbdefault\u00bb column_direction_tablet=\u00bbdefault\u00bb column_direction_phone=\u00bbdefault\u00bb text_align=\u00bbleft\u00bb row_position=\u00bbdefault\u00bb row_position_tablet=\u00bbinherit\u00bb row_position_phone=\u00bbinherit\u00bb overflow=\u00bbvisible\u00bb pointer_events=\u00bball\u00bb el_id=\u00bbvintro\u00bb][\/vc_row_inner][vc_column_text]\n<h6>TORN 3: del 20 al 30 de juliol<\/h6>\n<h6><\/h6>\n[\/vc_column_text][nectar_horizontal_list_item columns=\u00bb4&#8243; column_layout_using_4_columns=\u00bbeven\u00bb col_1_text_align=\u00bbleft\u00bb col_2_text_align=\u00bbleft\u00bb col_3_text_align=\u00bbleft\u00bb col_4_text_align=\u00bbleft\u00bb col_1_text_element=\u00bbp\u00bb col_2_text_element=\u00bbp\u00bb col_3_text_element=\u00bbp\u00bb col_4_text_element=\u00bbp\u00bb font_family=\u00bbp\u00bb hover_effect=\u00bbdefault\u00bb hover_color=\u00bbaccent-color\u00bb icon_family=\u00bbnone\u00bb icon_size=\u00bbregular\u00bb col_2_content=\u00bbDe dill. a dij. &#8211; De 17:00h a 18:00h\u00bb col_3_content=\u00bbAbonat: 49,60\u20ac (8 sessions)\u00bb col_4_content=\u00bbNo Abonat: 62,00\u20ac (8 sessions)\u00bb col_1_content=\u00bbInfantil (De 3 a 6 anys)\u00bb][nectar_horizontal_list_item columns=\u00bb4&#8243; column_layout_using_4_columns=\u00bbeven\u00bb col_1_text_align=\u00bbleft\u00bb col_2_text_align=\u00bbleft\u00bb col_3_text_align=\u00bbleft\u00bb col_4_text_align=\u00bbleft\u00bb col_1_text_element=\u00bbp\u00bb col_2_text_element=\u00bbp\u00bb col_3_text_element=\u00bbp\u00bb col_4_text_element=\u00bbp\u00bb font_family=\u00bbp\u00bb hover_effect=\u00bbdefault\u00bb hover_color=\u00bbaccent-color\u00bb icon_family=\u00bbnone\u00bb icon_size=\u00bbregular\u00bb col_2_content=\u00bbDe dill. a dij. &#8211; De 18:00h a 19:00h\u00bb col_3_content=\u00bbAbonat: 49,60\u20ac (8 sessions)\u00bb col_4_content=\u00bbNo Abonat: 62,00\u20ac (8 sessions)\u00bb][nectar_horizontal_list_item columns=\u00bb3&#8243; column_layout_using_3_columns=\u00bbeven\u00bb col_1_text_align=\u00bbleft\u00bb col_2_text_align=\u00bbcenter\u00bb col_3_text_align=\u00bbleft\u00bb col_1_text_element=\u00bbp\u00bb col_2_text_element=\u00bbp\u00bb col_3_text_element=\u00bbp\u00bb font_family=\u00bbp\u00bb hover_effect=\u00bbdefault\u00bb hover_color=\u00bbaccent-color\u00bb icon_family=\u00bbnone\u00bb icon_size=\u00bbregular\u00bb col_2_content=\u00bb\u2b06\ufe0f 8 places disponibles \u2b06\ufe0f\u00bb][nectar_horizontal_list_item columns=\u00bb4&#8243; column_layout_using_4_columns=\u00bbeven\u00bb col_1_text_align=\u00bbleft\u00bb col_2_text_align=\u00bbleft\u00bb col_3_text_align=\u00bbleft\u00bb col_4_text_align=\u00bbleft\u00bb col_1_text_element=\u00bbp\u00bb col_2_text_element=\u00bbp\u00bb col_3_text_element=\u00bbp\u00bb col_4_text_element=\u00bbp\u00bb font_family=\u00bbp\u00bb hover_effect=\u00bbdefault\u00bb hover_color=\u00bbaccent-color\u00bb icon_family=\u00bbnone\u00bb icon_size=\u00bbregular\u00bb col_2_content=\u00bbDe dill. a dij. &#8211; De 17:00h a 18:00h\u00bb col_3_content=\u00bbAbonat: 49,60\u20ac (8 sessions)\u00bb col_4_content=\u00bbNo Abonat: 62,00\u20ac (8 sessions)\u00bb col_1_content=\u00bbPrim\u00e0ria (De 7 a 14 anys)\u00bb][nectar_horizontal_list_item columns=\u00bb4&#8243; column_layout_using_4_columns=\u00bbeven\u00bb col_1_text_align=\u00bbleft\u00bb col_2_text_align=\u00bbleft\u00bb col_3_text_align=\u00bbleft\u00bb col_4_text_align=\u00bbleft\u00bb col_1_text_element=\u00bbp\u00bb col_2_text_element=\u00bbp\u00bb col_3_text_element=\u00bbp\u00bb col_4_text_element=\u00bbp\u00bb font_family=\u00bbp\u00bb hover_effect=\u00bbdefault\u00bb hover_color=\u00bbaccent-color\u00bb icon_family=\u00bbnone\u00bb icon_size=\u00bbregular\u00bb col_2_content=\u00bbDe dill. a dij. &#8211; De 18:00h a 19:00h\u00bb col_3_content=\u00bbAbonat: 49,60\u20ac (8 sessions)\u00bb col_4_content=\u00bbNo Abonat: 62,00\u20ac (8 sessions)\u00bb][nectar_horizontal_list_item columns=\u00bb3&#8243; column_layout_using_3_columns=\u00bbeven\u00bb col_1_text_align=\u00bbleft\u00bb col_2_text_align=\u00bbcenter\u00bb col_3_text_align=\u00bbleft\u00bb col_1_text_element=\u00bbp\u00bb col_2_text_element=\u00bbp\u00bb col_3_text_element=\u00bbp\u00bb font_family=\u00bbp\u00bb hover_effect=\u00bbdefault\u00bb hover_color=\u00bbaccent-color\u00bb icon_family=\u00bbnone\u00bb icon_size=\u00bbregular\u00bb col_2_content=\u00bb\u2b06\ufe0f 10 places disponibles \u2b06\ufe0f\u00bb][\/vc_column][\/vc_row][vc_row type=\u00bbin_container\u00bb full_screen_row_position=\u00bbmiddle\u00bb column_margin=\u00bbdefault\u00bb column_direction=\u00bbdefault\u00bb column_direction_tablet=\u00bbdefault\u00bb column_direction_phone=\u00bbdefault\u00bb scene_position=\u00bbcenter\u00bb text_color=\u00bbdark\u00bb text_align=\u00bbleft\u00bb row_border_radius=\u00bbnone\u00bb row_border_radius_applies=\u00bbbg\u00bb overflow=\u00bbvisible\u00bb overlay_strength=\u00bb0.3&#8243; gradient_direction=\u00bbleft_to_right\u00bb shape_divider_position=\u00bbbottom\u00bb bg_image_animation=\u00bbnone\u00bb][vc_column column_padding=\u00bbno-extra-padding\u00bb column_padding_tablet=\u00bbinherit\u00bb column_padding_phone=\u00bbinherit\u00bb column_padding_position=\u00bball\u00bb column_element_direction_desktop=\u00bbdefault\u00bb column_element_spacing=\u00bbdefault\u00bb desktop_text_alignment=\u00bbdefault\u00bb tablet_text_alignment=\u00bbdefault\u00bb phone_text_alignment=\u00bbdefault\u00bb background_color_opacity=\u00bb1&#8243; background_hover_color_opacity=\u00bb1&#8243; column_backdrop_filter=\u00bbnone\u00bb column_shadow=\u00bbnone\u00bb column_border_radius=\u00bbnone\u00bb column_link_target=\u00bb_self\u00bb column_position=\u00bbdefault\u00bb gradient_direction=\u00bbleft_to_right\u00bb overlay_strength=\u00bb0.3&#8243; width=\u00bb1\/1&#8243; tablet_width_inherit=\u00bbdefault\u00bb animation_type=\u00bbdefault\u00bb bg_image_animation=\u00bbnone\u00bb border_type=\u00bbsimple\u00bb column_border_width=\u00bbnone\u00bb column_border_style=\u00bbsolid\u00bb][vc_row_inner column_margin=\u00bbdefault\u00bb column_direction=\u00bbdefault\u00bb column_direction_tablet=\u00bbdefault\u00bb column_direction_phone=\u00bbdefault\u00bb text_align=\u00bbleft\u00bb row_position=\u00bbdefault\u00bb row_position_tablet=\u00bbinherit\u00bb row_position_phone=\u00bbinherit\u00bb overflow=\u00bbvisible\u00bb pointer_events=\u00bball\u00bb el_id=\u00bbvintro\u00bb][\/vc_row_inner][vc_column_text]\n<h3><span style=\"color: #3b72b9;\">ADULTS<\/span><\/h3>\n[\/vc_column_text][vc_column_text]\n<h6>TORN \u00daNIC: del 25 de juny al 24 de juliol<\/h6>\n<h6><\/h6>\n[\/vc_column_text][nectar_horizontal_list_item columns=\u00bb4&#8243; column_layout_using_4_columns=\u00bbeven\u00bb col_1_text_align=\u00bbleft\u00bb col_2_text_align=\u00bbleft\u00bb col_3_text_align=\u00bbleft\u00bb col_4_text_align=\u00bbleft\u00bb col_1_text_element=\u00bbp\u00bb col_2_text_element=\u00bbp\u00bb col_3_text_element=\u00bbp\u00bb col_4_text_element=\u00bbp\u00bb font_family=\u00bbp\u00bb hover_effect=\u00bbdefault\u00bb hover_color=\u00bbaccent-color\u00bb icon_family=\u00bbnone\u00bb icon_size=\u00bbregular\u00bb col_1_content=\u00bbAdults (+18 anys)\u00bb col_2_content=\u00bbDill. i Dix. &#8211; de 19:00h a 20:00h\u00bb col_3_content=\u00bbAbonat: 68,20\u20ac (11 sessions)\u00bb col_4_content=\u00bbNo Abonat: 85,25\u20ac (11 sessions)\u00bb][nectar_horizontal_list_item columns=\u00bb4&#8243; column_layout_using_4_columns=\u00bbeven\u00bb col_1_text_align=\u00bbleft\u00bb col_2_text_align=\u00bbleft\u00bb col_3_text_align=\u00bbleft\u00bb col_4_text_align=\u00bbleft\u00bb col_1_text_element=\u00bbp\u00bb col_2_text_element=\u00bbp\u00bb col_3_text_element=\u00bbp\u00bb col_4_text_element=\u00bbp\u00bb font_family=\u00bbp\u00bb hover_effect=\u00bbdefault\u00bb hover_color=\u00bbaccent-color\u00bb icon_family=\u00bbnone\u00bb icon_size=\u00bbregular\u00bb col_2_content=\u00bbDim. i Dij. &#8211; de 19:00h a 20:00h\u00bb col_3_content=\u00bbAbonat: 68,20\u20ac (11 sessions)\u00bb col_4_content=\u00bbNo Abonat: 85,25\u20ac (11 sessions)\u00bb][nectar_horizontal_list_item columns=\u00bb3&#8243; column_layout_using_3_columns=\u00bbeven\u00bb col_1_text_align=\u00bbleft\u00bb col_2_text_align=\u00bbcenter\u00bb col_3_text_align=\u00bbleft\u00bb col_1_text_element=\u00bbp\u00bb col_2_text_element=\u00bbp\u00bb col_3_text_element=\u00bbp\u00bb font_family=\u00bbp\u00bb hover_effect=\u00bbdefault\u00bb hover_color=\u00bbaccent-color\u00bb icon_family=\u00bbnone\u00bb icon_size=\u00bbregular\u00bb col_2_content=\u00bb\u2b06\ufe0f 10 places disponibles \u2b06\ufe0f\u00bb][\/vc_column][\/vc_row][vc_row type=\u00bbfull_width_background\u00bb full_screen_row_position=\u00bbmiddle\u00bb column_margin=\u00bbdefault\u00bb column_direction=\u00bbdefault\u00bb column_direction_tablet=\u00bbdefault\u00bb column_direction_phone=\u00bbdefault\u00bb bg_color=\u00bb#1e73be\u00bb scene_position=\u00bbcenter\u00bb top_padding=\u00bb30&#8243; bottom_padding=\u00bb30&#8243; text_color=\u00bbdark\u00bb text_align=\u00bbleft\u00bb row_border_radius=\u00bbnone\u00bb row_border_radius_applies=\u00bbbg\u00bb overflow=\u00bbvisible\u00bb overlay_strength=\u00bb0.95&#8243; gradient_direction=\u00bbleft_to_right\u00bb shape_divider_position=\u00bbbottom\u00bb bg_image_animation=\u00bbnone\u00bb shape_type=\u00bb\u00bb][vc_column column_padding=\u00bbno-extra-padding\u00bb column_padding_tablet=\u00bbinherit\u00bb column_padding_phone=\u00bbinherit\u00bb column_padding_position=\u00bball\u00bb column_element_direction_desktop=\u00bbdefault\u00bb column_element_spacing=\u00bbdefault\u00bb centered_text=\u00bbtrue\u00bb desktop_text_alignment=\u00bbdefault\u00bb tablet_text_alignment=\u00bbdefault\u00bb phone_text_alignment=\u00bbdefault\u00bb background_color_opacity=\u00bb1&#8243; background_hover_color_opacity=\u00bb1&#8243; column_backdrop_filter=\u00bbnone\u00bb column_shadow=\u00bbnone\u00bb column_border_radius=\u00bbnone\u00bb column_link_target=\u00bb_self\u00bb column_position=\u00bbdefault\u00bb gradient_direction=\u00bbleft_to_right\u00bb overlay_strength=\u00bb0.3&#8243; width=\u00bb1\/4&#8243; tablet_width_inherit=\u00bbdefault\u00bb animation_type=\u00bbdefault\u00bb enable_animation=\u00bbtrue\u00bb animation=\u00bbfade-in-from-bottom\u00bb animation_easing=\u00bbdefault\u00bb bg_image_animation=\u00bbnone\u00bb border_type=\u00bbsimple\u00bb column_border_width=\u00bbnone\u00bb column_border_style=\u00bbsolid\u00bb][\/vc_column][vc_column column_padding=\u00bbno-extra-padding\u00bb column_padding_tablet=\u00bbinherit\u00bb column_padding_phone=\u00bbinherit\u00bb column_padding_position=\u00bball\u00bb column_element_direction_desktop=\u00bbdefault\u00bb column_element_spacing=\u00bbdefault\u00bb desktop_text_alignment=\u00bbdefault\u00bb tablet_text_alignment=\u00bbdefault\u00bb phone_text_alignment=\u00bbdefault\u00bb background_color_opacity=\u00bb1&#8243; background_hover_color_opacity=\u00bb1&#8243; column_backdrop_filter=\u00bbnone\u00bb column_shadow=\u00bbnone\u00bb column_border_radius=\u00bbnone\u00bb column_link_target=\u00bb_self\u00bb column_position=\u00bbdefault\u00bb gradient_direction=\u00bbleft_to_right\u00bb overlay_strength=\u00bb0.3&#8243; width=\u00bb3\/4&#8243; tablet_width_inherit=\u00bbdefault\u00bb animation_type=\u00bbdefault\u00bb bg_image_animation=\u00bbnone\u00bb border_type=\u00bbsimple\u00bb column_border_width=\u00bbnone\u00bb column_border_style=\u00bbsolid\u00bb][vc_column_text]\n<h3><strong><span style=\"color: #ffffff;\">A tenir en compte:\u00a0<\/span><\/strong><\/h3>\n<p><span style=\"color: #ffffff;\"> S\u2019haur\u00e0 de dur el DNI de l\u2019alumne\/a o, en cas de no posseir-ne, el llibre de fam\u00edlia.\u00a0<\/span><\/p>\n<p><span style=\"color: #ffffff;\"> Caldr\u00e0 estar al dia de pagaments. En cas contrari, s\u2019hauran d\u2019abonar tots els rebuts pendents.\u00a0<\/span><\/p>\n<p><span style=\"color: #ffffff;\"> S\u2019haur\u00e0 d\u2019abonar la totalitat de l\u2019import del per\u00edode al qual us inscriviu.\u00a0<\/span><\/p>\n<p><span style=\"color: #ffffff;\"> Caldr\u00e0 aportar l\u2019original del compte amb les dades banc\u00e0ries per a realitzar les renovacions trimestrals pertinents. No es reservaran places.\u00a0<\/span><\/p>\n<p><span style=\"color: #ffffff;\">L\u2019Entitat es reserva el dret d\u2019anul\u00b7lar aquells grups que no assoleixin el m\u00ednim d\u2019inscripcions.\u00a0<\/span>[\/vc_column_text][\/vc_column][\/vc_row]\n","protected":false},"excerpt":{"rendered":"<p>[vc_row type=\u00bbfull_width_background\u00bb full_screen_row_position=\u00bbmiddle\u00bb column_margin=\u00bbdefault\u00bb equal_height=\u00bbyes\u00bb content_placement=\u00bbmiddle\u00bb column_direction=\u00bbdefault\u00bb column_direction_tablet=\u00bbdefault\u00bb column_direction_phone=\u00bbdefault\u00bb bg_color=\u00bb#ffffff\u00bb scene_position=\u00bbcenter\u00bb top_padding=\u00bb5%\u00bb bottom_padding=\u00bb5%\u00bb text_color=\u00bblight\u00bb text_align=\u00bbleft\u00bb&#8230;<\/p>\n","protected":false},"author":43,"featured_media":0,"parent":0,"menu_order":0,"comment_status":"closed","ping_status":"closed","template":"","meta":{"footnotes":""},"class_list":["post-11530","page","type-page","status-publish"],"_links":{"self":[{"href":"https:\/\/www.asme.cat\/cemlaverneda\/wp-json\/wp\/v2\/pages\/11530","targetHints":{"allow":["GET"]}}],"collection":[{"href":"https:\/\/www.asme.cat\/cemlaverneda\/wp-json\/wp\/v2\/pages"}],"about":[{"href":"https:\/\/www.asme.cat\/cemlaverneda\/wp-json\/wp\/v2\/types\/page"}],"author":[{"embeddable":true,"href":"https:\/\/www.asme.cat\/cemlaverneda\/wp-json\/wp\/v2\/users\/43"}],"replies":[{"embeddable":true,"href":"https:\/\/www.asme.cat\/cemlaverneda\/wp-json\/wp\/v2\/comments?post=11530"}],"version-history":[{"count":35,"href":"https:\/\/www.asme.cat\/cemlaverneda\/wp-json\/wp\/v2\/pages\/11530\/revisions"}],"predecessor-version":[{"id":12870,"href":"https:\/\/www.asme.cat\/cemlaverneda\/wp-json\/wp\/v2\/pages\/11530\/revisions\/12870"}],"wp:attachment":[{"href":"https:\/\/www.asme.cat\/cemlaverneda\/wp-json\/wp\/v2\/media?parent=11530"}],"curies":[{"name":"wp","href":"https:\/\/api.w.org\/{rel}","templated":true}]}}